{"id":2651,"date":"2025-09-24T15:37:17","date_gmt":"2025-09-24T07:37:17","guid":{"rendered":"https:\/\/mostebglass.com\/?post_type=product&#038;p=2651"},"modified":"2026-09-04T10:22:03","modified_gmt":"2026-09-04T02:22:03","slug":"wholesale-exquisite-wood-and-glass-vase-for-flowers","status":"publish","type":"product","link":"https:\/\/mostebglass.com\/hu\/wholesale-exquisite-wood-and-glass-vase-for-flowers\/","title":{"rendered":"Fa \u00e9s \u00fcveg v\u00e1za fa talppal nagykereskedelemben"},"content":{"rendered":"<p><span class=\"cursor-pointer rounded-sm px-0.5 transition-colors bg-emerald-100 dark:bg-emerald-500\/20 hover:brightness-90\" tabindex=\"0\" role=\"button\">Ez a fa \u00e9s \u00fcveg v\u00e1za egy \u00e1tl\u00e1tsz\u00f3, hengeres \u00fcveged\u00e9nyt \u00e9s egy levehet\u0151 t\u00f6m\u00f6rfa talpat \u00f6tv\u00f6z. Ez az egyedi \u00e9s innovat\u00edv diz\u00e1jn a vir\u00e1gk\u00f6t\u0151k \u00e9s dekor\u00e1ci\u00f3s m\u00e1rk\u00e1k sz\u00e1m\u00e1ra a hagyom\u00e1nyost\u00f3l elt\u00e9r\u0151 \u00fcvegv\u00e1z\u00e1t k\u00edn\u00e1l.<\/span> <span class=\"cursor-pointer rounded-sm px-0.5 transition-colors bg-emerald-100 dark:bg-emerald-500\/20 hover:brightness-90\" tabindex=\"0\" role=\"button\">Az egyedi talapzat melegs\u00e9get \u00e9s stabilit\u00e1st biztos\u00edt, az \u00e1tl\u00e1tsz\u00f3 \u00fcveg pedig biztos\u00edtja a vir\u00e1gok, sz\u00e1rak \u00e9s a v\u00edz l\u00e1that\u00f3s\u00e1g\u00e1t.<\/span><\/p>\n<h2><strong>Term\u00e9kjellemz\u0151k<\/strong><\/h2>\n<ul>\n<li><span class=\"cursor-pointer rounded-sm px-0.5 transition-colors bg-emerald-100 dark:bg-emerald-500\/20 hover:brightness-90\" tabindex=\"0\" role=\"button\"><strong>Levehet\u0151 fa kijelz\u0151 alap:<\/strong> A t\u00f6m\u00f6rfa alap elt\u00e1vol\u00edthat\u00f3 az \u00fcveged\u00e9nyr\u0151l, \u00edgy r\u00e9teges d\u00edszletet lehet kialak\u00edtani a tipikus, teljesen \u00fcvegb\u0151l k\u00e9sz\u00fclt v\u00e1za helyett.<\/span><\/li>\n<li><span class=\"cursor-pointer rounded-sm px-0.5 transition-colors bg-emerald-100 dark:bg-emerald-500\/20 hover:brightness-90\" tabindex=\"0\" role=\"button\"><strong>\u00c1tl\u00e1tsz\u00f3 hengeres \u00fcveged\u00e9ny:<\/strong> A tiszta, hengeres forma lehet\u0151v\u00e9 teszi, hogy a vizet \u00e9s a vir\u00e1gokat t\u00f6bb k\u00fcl\u00f6nb\u00f6z\u0151 sz\u00f6gb\u0151l is l\u00e1thassuk, \u00e9s friss, valamint dekorat\u00edv vir\u00e1gd\u00edszekhez egyar\u00e1nt haszn\u00e1lhat\u00f3.<\/span><\/li>\n<li><span class=\"cursor-pointer rounded-sm px-0.5 transition-colors bg-emerald-100 dark:bg-emerald-500\/20 hover:brightness-90\" tabindex=\"0\" role=\"button\"><strong>Fa + \u00dcveg Anyag Kontraszt:<\/strong> Az \u00e1tl\u00e1tsz\u00f3 \u00fcveg k\u00f6nnyed \u00e9s tiszta eszt\u00e9tik\u00e1t k\u00edn\u00e1l, m\u00edg a term\u00e9szetes fa melegs\u00e9get \u00e9s text\u00far\u00e1t k\u00f6lcs\u00f6n\u00f6z.<\/span> <span class=\"cursor-pointer rounded-sm px-0.5 transition-colors bg-emerald-100 dark:bg-emerald-500\/20 hover:brightness-90\" tabindex=\"0\" role=\"button\">Ez a kontraszt nagyszer\u0171en illik a minimalista, skandin\u00e1v \u00e9s modern enteri\u0151r\u00f6kh\u00f6z.<\/span><\/li>\n<\/ul>\n<h2>F\u0151bb specifik\u00e1ci\u00f3k<\/h2>\n<table style=\"border-collapse: collapse; margin-left: auto; margin-right: auto; width: 498.77pt;\">\n<tbody>\n<tr>\n<td style=\"text-align: center;\" width=\"125\"><strong>Jellemz\u0151<\/strong><\/td>\n<td style=\"text-align: center;\" width=\"402\"><strong>R\u00e9szletek<\/strong><\/td>\n<\/tr>\n<tr>\n<td style=\"text-align: center;\">Alak<\/td>\n<td style=\"text-align: center;\">Henger<\/td>\n<\/tr>\n<tr>\n<td style=\"text-align: center;\">Magass\u00e1g<\/td>\n<td style=\"text-align: center;\">20 \/ 25 cm<\/td>\n<\/tr>\n<tr>\n<td style=\"text-align: center;\">\u00c1tm\u00e9r\u0151<\/td>\n<td style=\"text-align: center;\">10 cm<\/td>\n<\/tr>\n<tr>\n<td style=\"text-align: center;\">\u00dcveg<\/td>\n<td style=\"text-align: center;\">\u00a0\u00c1tl\u00e1tsz\u00f3 \/ Matt<\/td>\n<\/tr>\n<tr>\n<td style=\"text-align: center;\">B\u00e1zis<\/td>\n<td style=\"text-align: center;\">\u00a0T\u00f6m\u00f6r term\u00e9szetes fa (levehet\u0151)<\/td>\n<\/tr>\n<tr>\n<td style=\"text-align: center;\">Els\u0151dleges felhaszn\u00e1l\u00e1s<\/td>\n<td style=\"text-align: center;\">Friss vir\u00e1gok, sz\u00e1r\u00edtott vir\u00e1gok, d\u00edszsz\u00e1rak<\/td>\n<\/tr>\n<tr>\n<td style=\"text-align: center;\">Alkalmaz\u00e1s<\/td>\n<td style=\"text-align: center;\">\u00a0Vir\u00e1g\u00fczletek, lakberendez\u00e9s, vend\u00e9gl\u00e1t\u00e1s, kiskereskedelem<\/td>\n<\/tr>\n<\/tbody>\n<\/table>\n<h2>Esettanulm\u00e1ny: Fa \u00e9s \u00fcveg v\u00e1za egy modern dekor\u00e1ci\u00f3s kollekci\u00f3hoz<\/h2>\n<p><strong>Vev\u0151<\/strong><\/p>\n<p><span class=\"cursor-pointer rounded-sm px-0.5 transition-colors bg-emerald-100 dark:bg-emerald-500\/20 hover:brightness-90\" tabindex=\"0\" role=\"button\">\u00c9szak-amerikai lakberendez\u00e9si m\u00e1rka.<\/span><\/p>\n<p><strong>Kih\u00edv\u00e1s<\/strong><\/p>\n<p><span class=\"cursor-pointer rounded-sm px-0.5 transition-colors bg-emerald-100 dark:bg-emerald-500\/20 hover:brightness-90\" tabindex=\"0\" role=\"button\">A megrendel\u0151 egy olyan asztali v\u00e1z\u00e1t szeretett volna, ami massz\u00edvabb \u00e9s egyedibb, mint az \u00fcreges, \u00e1tl\u00e1tsz\u00f3 \u00fcveghenger.<\/span><\/p>\n<p><strong>Megold\u00e1s<\/strong><\/p>\n<p><span class=\"cursor-pointer rounded-sm px-0.5 transition-colors bg-emerald-100 dark:bg-emerald-500\/20 hover:brightness-90\" tabindex=\"0\" role=\"button\">Az \u00fcveghengeres v\u00e1za s\u00f6t\u00e9t f\u00e1b\u00f3l k\u00e9sz\u00fclt, levehet\u0151 talppal rendelkezik.<\/span> <span class=\"cursor-pointer rounded-sm px-0.5 transition-colors bg-emerald-100 dark:bg-emerald-500\/20 hover:brightness-90\" tabindex=\"0\" role=\"button\">A megrendel\u0151 egy vil\u00e1gos text\u00far\u00e1j\u00fa poharat v\u00e1lasztott, a fa alapot pedig term\u00e9szetes barna sz\u00ednben hagyta.<\/span><\/p>\n<p><strong>M\u00e1rka\u00e9p\u00edt\u00e9s<\/strong><\/p>\n<p><span class=\"cursor-pointer rounded-sm px-0.5 transition-colors bg-emerald-100 dark:bg-emerald-500\/20 hover:brightness-90\" tabindex=\"0\" role=\"button\">Az \u00e1tl\u00e1tsz\u00f3 \u00fcveg \u00e9s a teljesen term\u00e9szetes fa kever\u00e9ke a megrendel\u0151 \u00faj lakberendez\u00e9si vonal\u00e1nak vizu\u00e1lis sz\u00f3kincs\u00e9nek elem\u00e9v\u00e9 v\u00e1lt.<\/span><\/p>\n<p><strong>Eredm\u00e9ny<\/strong><\/p>\n<p><span class=\"cursor-pointer rounded-sm px-0.5 transition-colors bg-emerald-100 dark:bg-emerald-500\/20 hover:brightness-90\" tabindex=\"0\" role=\"button\">A term\u00e9ket \u00f6n\u00e1ll\u00f3 d\u00edszv\u00e1zak\u00e9nt, majd k\u00e9s\u0151bb m\u00e1s vir\u00e1gd\u00edsz\u00edt\u00e9si term\u00e9kekk\u00e9nt is k\u00edn\u00e1lt\u00e1k, amelyek formatervez\u00e9si nyelve megegyezett az \u00fcvegb\u0151l \u00e9s f\u00e1b\u00f3l k\u00e9sz\u00fclt d\u00edszv\u00e1za term\u00e9k\u00e9vel.<\/span><\/p>\n<h2>Alkalmas<\/h2>\n<ul>\n<li><span class=\"cursor-pointer rounded-sm px-0.5 transition-colors bg-emerald-100 dark:bg-emerald-500\/20 hover:brightness-90\" tabindex=\"0\" role=\"button\"><strong>Vir\u00e1gk\u00f6t\u0151k:<\/strong> Egy sz\u00e1r\u00fa ki\u00e1ll\u00edt\u00e1sok, asztald\u00edszek \u00e9s butik vir\u00e1gkollekci\u00f3k.<\/span><\/li>\n<li><span class=\"cursor-pointer rounded-sm px-0.5 transition-colors bg-emerald-100 dark:bg-emerald-500\/20 hover:brightness-90\" tabindex=\"0\" role=\"button\"><strong>Lakberendez\u00e9si m\u00e1rk\u00e1k:<\/strong> Ha minimalista, skandin\u00e1v \u00e9s term\u00e9szetes anyagokb\u00f3l k\u00e9sz\u00fclt st\u00edlust keresel, akkor ezek a darabok neked val\u00f3k.<\/span><\/li>\n<li><span class=\"cursor-pointer rounded-sm px-0.5 transition-colors bg-emerald-100 dark:bg-emerald-500\/20 hover:brightness-90\" tabindex=\"0\" role=\"button\"><strong>Aj\u00e1nd\u00e9k- \u00e9s \u00e9letm\u00f3dboltok:<\/strong> Az \u00fcveg \u00e9s a term\u00e9szetes fa kever\u00e9ke aj\u00e1nd\u00e9kba is ill\u0151 megjelen\u00e9st k\u00f6lcs\u00f6n\u00f6z.<\/span><\/li>\n<li><span class=\"cursor-pointer rounded-sm px-0.5 transition-colors bg-emerald-100 dark:bg-emerald-500\/20 hover:brightness-90\" tabindex=\"0\" role=\"button\"><strong>Sz\u00e1llod\u00e1k \u00e9s \u00e9ttermek:<\/strong> Alkalmas asztali vir\u00e1gd\u00edszekhez, amelyeknek melegnek \u00e9s letisztultnak kell lenni\u00fck.<\/span><\/li>\n<li><span class=\"cursor-pointer rounded-sm px-0.5 transition-colors bg-emerald-100 dark:bg-emerald-500\/20 hover:brightness-90\" tabindex=\"0\" role=\"button\"><strong>Esk\u00fcv\u0151i \u00e9s rendezv\u00e9nydekor\u00e1ci\u00f3:<\/strong> Modern rendezv\u00e9nyeken \u00e9s esk\u00fcv\u0151k\u00f6n k\u00f6zponti d\u00edszk\u00e9nt is remek\u00fcl mutat.<\/span><\/li>\n<\/ul>\n<h2>Szabja testre fa \u00e9s \u00fcveg v\u00e1z\u00e1j\u00e1t<\/h2>\n<ul>\n<li><span class=\"cursor-pointer rounded-sm px-0.5 transition-colors bg-emerald-100 dark:bg-emerald-500\/20 hover:brightness-90\" tabindex=\"0\" role=\"button\"><strong>\u00dcveg fel\u00fclet:<\/strong> V\u00e1lasszon \u00e1tl\u00e1tsz\u00f3 \u00fcveget a vir\u00e1gok optim\u00e1lis megjelen\u00edt\u00e9s\u00e9hez, vagy matt\/textur\u00e1lt \u00fcveget a dekorat\u00edvabb megjelen\u00e9s\u00e9rt.<\/span><\/li>\n<li><span class=\"cursor-pointer rounded-sm px-0.5 transition-colors bg-emerald-100 dark:bg-emerald-500\/20 hover:brightness-90\" tabindex=\"0\" role=\"button\"><strong>Fa alap:<\/strong> V\u00e1lasszon a m\u00e1rka bels\u0151 st\u00edlus\u00e1hoz ill\u0151 faanyagv\u00e1laszt\u00e9kot \u00e9s fel\u00fcletkezel\u00e9st.<\/span><\/li>\n<li><span class=\"cursor-pointer rounded-sm px-0.5 transition-colors bg-emerald-100 dark:bg-emerald-500\/20 hover:brightness-90\" tabindex=\"0\" role=\"button\"><strong>L\u00e9zeres m\u00e1rkajelz\u00e9s:<\/strong> L\u00e9zergrav\u00edrozza az \u00fcveged\u00e9nyt a fa alapra vagy az \u00fcveged\u00e9ny megfelel\u0151 hely\u00e9re.<\/span><\/li>\n<li><span class=\"cursor-pointer rounded-sm px-0.5 transition-colors bg-emerald-100 dark:bg-emerald-500\/20 hover:brightness-90\" tabindex=\"0\" role=\"button\"><strong>V\u00e1za magass\u00e1ga:<\/strong> V\u00e1ltoztasd meg a hossz\u00e1t r\u00fcgykompoz\u00edci\u00f3kn\u00e1l, asztald\u00edsz\u00edt\u00e9shez vagy magasabb vir\u00e1gd\u00edszekn\u00e9l.<\/span><\/li>\n<li><span class=\"cursor-pointer rounded-sm px-0.5 transition-colors bg-emerald-100 dark:bg-emerald-500\/20 hover:brightness-90\" tabindex=\"0\" role=\"button\"><strong>\u00dcveg text\u00fara:<\/strong> Ha nagyobb munk\u00e1kra van sz\u00fcks\u00e9g, \u00e9rdemes textur\u00e1lt \u00fcveget, p\u00e9ld\u00e1ul bord\u00e1zott, kalap\u00e1lt vagy mint\u00e1s \u00fcveget v\u00e1lasztani az egyedibb szettek\u00e9rt.<\/span><\/li>\n<\/ul>","protected":false},"excerpt":{"rendered":"<p data-pm-slice=\"1 1 []\">Fa \u00e9s \u00fcveg v\u00e1za levehet\u0151 fa talppal vir\u00e1gd\u00edsz\u00edt\u00e9shez, lakberendez\u00e9shez \u00e9s kiskereskedelmi gy\u0171jtem\u00e9nyekhez. Gy\u00e1ri sz\u00e1ll\u00edt\u00e1s, nagy t\u00e9telben t\u00f6rt\u00e9n\u0151 testreszab\u00e1ssal.<\/p>","protected":false},"featured_media":4873,"template":"","meta":{"site-sidebar-layout":"default","site-content-layout":"","ast-site-content-layout":"default","site-content-style":"default","site-sidebar-style":"default","ast-global-header-display":"","ast-banner-title-visibility":"","ast-main-header-display":"","ast-hfb-above-header-display":"","ast-hfb-below-header-display":"","ast-hfb-mobile-header-display":"","site-post-title":"","ast-breadcrumbs-content":"","ast-featured-img":"","footer-sml-layout":"","ast-disable-related-posts":"","theme-transparent-header-meta":"default","adv-header-id-meta":"","stick-header-meta":"","header-above-stick-meta":"","header-main-stick-meta":"","header-below-stick-meta":"","astra-migrate-meta-layouts":"set","ast-page-background-enabled":"default","ast-page-background-meta":{"desktop":{"background-color":"var(--ast-global-color-5)","background-image":"","background-repeat":"repeat","background-position":"center center","background-size":"auto","background-attachment":"scroll","background-type":"","background-media":"","overlay-type":"","overlay-color":"","overlay-opacity":"","overlay-gradient":""},"tablet":{"background-color":"","background-image":"","background-repeat":"repeat","background-position":"center center","background-size":"auto","background-attachment":"scroll","background-type":"","background-media":"","overlay-type":"","overlay-color":"","overlay-opacity":"","overlay-gradient":""},"mobile":{"background-color":"","background-image":"","background-repeat":"repeat","background-position":"center center","background-size":"auto","background-attachment":"scroll","background-type":"","background-media":"","overlay-type":"","overlay-color":"","overlay-opacity":"","overlay-gradient":""}},"ast-content-background-meta":{"desktop":{"background-color":"var(--ast-global-color-4)","background-image":"","background-repeat":"repeat","background-position":"center center","background-size":"auto","background-attachment":"scroll","background-type":"","background-media":"","overlay-type":"","overlay-color":"","overlay-opacity":"","overlay-gradient":""},"tablet":{"background-color":"var(--ast-global-color-4)","background-image":"","background-repeat":"repeat","background-position":"center center","background-size":"auto","background-attachment":"scroll","background-type":"","background-media":"","overlay-type":"","overlay-color":"","overlay-opacity":"","overlay-gradient":""},"mobile":{"background-color":"var(--ast-global-color-4)","background-image":"","background-repeat":"repeat","background-position":"center center","background-size":"auto","background-attachment":"scroll","background-type":"","background-media":"","overlay-type":"","overlay-color":"","overlay-opacity":"","overlay-gradient":""}}},"product_brand":[],"product_cat":[57,21],"product_tag":[],"class_list":["post-2651","product","type-product","status-publish","has-post-thumbnail","product_cat-glass-vases","product_cat-product","desktop-align-left","tablet-align-left","mobile-align-left","first","instock","shipping-taxable","product-type-simple"],"jetpack_sharing_enabled":true,"_links":{"self":[{"href":"https:\/\/mostebglass.com\/hu\/wp-json\/wp\/v2\/product\/2651","targetHints":{"allow":["GET"]}}],"collection":[{"href":"https:\/\/mostebglass.com\/hu\/wp-json\/wp\/v2\/product"}],"about":[{"href":"https:\/\/mostebglass.com\/hu\/wp-json\/wp\/v2\/types\/product"}],"wp:featuredmedia":[{"embeddable":true,"href":"https:\/\/mostebglass.com\/hu\/wp-json\/wp\/v2\/media\/4873"}],"wp:attachment":[{"href":"https:\/\/mostebglass.com\/hu\/wp-json\/wp\/v2\/media?parent=2651"}],"wp:term":[{"taxonomy":"product_brand","embeddable":true,"href":"https:\/\/mostebglass.com\/hu\/wp-json\/wp\/v2\/product_brand?post=2651"},{"taxonomy":"product_cat","embeddable":true,"href":"https:\/\/mostebglass.com\/hu\/wp-json\/wp\/v2\/product_cat?post=2651"},{"taxonomy":"product_tag","embeddable":true,"href":"https:\/\/mostebglass.com\/hu\/wp-json\/wp\/v2\/product_tag?post=2651"}],"curies":[{"name":"wp","href":"https:\/\/api.w.org\/{rel}","templated":true}]}}